{"id":525,"date":"2026-02-03T10:46:43","date_gmt":"2026-02-03T10:46:43","guid":{"rendered":"https:\/\/www.ecoleinterventionshyperbares.com\/?page_id=525"},"modified":"2026-03-23T15:02:19","modified_gmt":"2026-03-23T15:02:19","slug":"lecole","status":"publish","type":"page","link":"https:\/\/www.ecoleinterventionshyperbares.com\/index.php\/lecole\/","title":{"rendered":"L&rsquo;\u00c9COLE"},"content":{"rendered":"<p>[et_pb_section fb_built=\u00a0\u00bb1&Prime; _builder_version=\u00a0\u00bb4.27.5&Prime; _module_preset=\u00a0\u00bbdefault\u00a0\u00bb min_height=\u00a0\u00bb276px\u00a0\u00bb custom_padding=\u00a0\u00bb100px||54px|||\u00a0\u00bb global_colors_info=\u00a0\u00bb{}\u00a0\u00bb theme_builder_area=\u00a0\u00bbpost_content\u00a0\u00bb][et_pb_row use_custom_gutter=\u00a0\u00bbon\u00a0\u00bb _builder_version=\u00a0\u00bb4.27.6&Prime; _module_preset=\u00a0\u00bbdefault\u00a0\u00bb width=\u00a0\u00bb99%\u00a0\u00bb global_colors_info=\u00a0\u00bb{}\u00a0\u00bb theme_builder_area=\u00a0\u00bbpost_content\u00a0\u00bb][et_pb_column type=\u00a0\u00bb4_4&Prime; _builder_version=\u00a0\u00bb4.27.6&Prime; _module_preset=\u00a0\u00bbdefault\u00a0\u00bb global_colors_info=\u00a0\u00bb{}\u00a0\u00bb theme_builder_area=\u00a0\u00bbpost_content\u00a0\u00bb][et_pb_text _builder_version=\u00a0\u00bb4.27.6&Prime; _module_preset=\u00a0\u00bbdefault\u00a0\u00bb text_font=\u00a0\u00bbFira Code|&#8211;et_global_body_font_weight||on|||||\u00a0\u00bb text_font_size=\u00a0\u00bb25px\u00a0\u00bb text_line_height=\u00a0\u00bb1.3em\u00a0\u00bb header_font=\u00a0\u00bbArial||||||||\u00a0\u00bb header_line_height=\u00a0\u00bb1.4em\u00a0\u00bb custom_padding=\u00a0\u00bb0px|||||\u00a0\u00bb hover_enabled=\u00a0\u00bb0&Prime; global_colors_info=\u00a0\u00bb{}\u00a0\u00bb theme_builder_area=\u00a0\u00bbpost_content\u00a0\u00bb sticky_enabled=\u00a0\u00bb0&Prime;]<\/p>\n<h1>NOTRE VOLONT\u00c9 EST DE CR\u00c9ER UNE \u00c9COLE PENS\u00c9E POUR S&rsquo;ADAPTER \u00c0 VOS BESOINS DE PROFESSIONNELS.ELLES CAH MENTION B.<\/h1>\n<h2>L&rsquo;EIH PROPOSE DES MISES EN SITUATION VARI\u00c9ES AFIN DE R\u00c9PONDRE AUX MIEUX AUX PRATIQUES R\u00c9ELLES DES TRAVAILLEURS ET TRAVAILLEUSES HYPERBARES DANS LEUR QUOTIDIEN.<\/h2>\n<p>[\/et_pb_text][\/et_pb_column][\/et_pb_row][\/et_pb_section][et_pb_section fb_built=\u00a0\u00bb1&Prime; _builder_version=\u00a0\u00bb4.27.5&Prime; _module_preset=\u00a0\u00bbdefault\u00a0\u00bb width=\u00a0\u00bb100%\u00a0\u00bb max_width=\u00a0\u00bb100%\u00a0\u00bb custom_padding=\u00a0\u00bb7px|||||\u00a0\u00bb global_colors_info=\u00a0\u00bb{}\u00a0\u00bb][et_pb_row use_custom_gutter=\u00a0\u00bbon\u00a0\u00bb _builder_version=\u00a0\u00bb4.27.5&Prime; _module_preset=\u00a0\u00bbdefault\u00a0\u00bb width=\u00a0\u00bb100%\u00a0\u00bb max_width=\u00a0\u00bb2560px\u00a0\u00bb module_alignment=\u00a0\u00bbcenter\u00a0\u00bb custom_margin=\u00a0\u00bb12px|auto|72px|auto||\u00a0\u00bb global_colors_info=\u00a0\u00bb{}\u00a0\u00bb][et_pb_column type=\u00a0\u00bb4_4&Prime; _builder_version=\u00a0\u00bb4.27.5&Prime; _module_preset=\u00a0\u00bbdefault\u00a0\u00bb global_colors_info=\u00a0\u00bb{}\u00a0\u00bb][et_pb_accordion open_toggle_text_color=\u00a0\u00bb#41c21d\u00a0\u00bb open_toggle_background_color=\u00a0\u00bbRGBA(255,255,255,0)\u00a0\u00bb closed_toggle_background_color=\u00a0\u00bbRGBA(255,255,255,0)\u00a0\u00bb icon_color=\u00a0\u00bbRGBA(255,255,255,0)\u00a0\u00bb _builder_version=\u00a0\u00bb4.27.6&Prime; _module_preset=\u00a0\u00bbdefault\u00a0\u00bb toggle_text_color=\u00a0\u00bb#000000&Prime; toggle_font=\u00a0\u00bbFira Code|600|||||||\u00a0\u00bb toggle_font_size=\u00a0\u00bb22px\u00a0\u00bb body_font=\u00a0\u00bbArial|600||on|||||\u00a0\u00bb body_text_color=\u00a0\u00bb#000000&Prime; custom_margin=\u00a0\u00bb2px|||||\u00a0\u00bb border_color_all=\u00a0\u00bb#41c21d\u00a0\u00bb global_colors_info=\u00a0\u00bb{}\u00a0\u00bb][et_pb_accordion_item title=\u00a0\u00bbMANIFESTO\u00a0\u00bb open=\u00a0\u00bbon\u00a0\u00bb _builder_version=\u00a0\u00bb4.27.6&Prime; _module_preset=\u00a0\u00bbdefault\u00a0\u00bb global_colors_info=\u00a0\u00bb{}\u00a0\u00bb]<\/p>\n<p>L&rsquo;\u00e9cole d&rsquo;interventions hyperbares est n\u00e9e de notre volont\u00e9 de transmettre nos exp\u00e9riences et savoir-faire dans les domaines de l&rsquo;environnement, de la science et de l&rsquo;audiovisuel.<\/p>\n<p>Savoir organiser une exp\u00e9dition ou un tournage, apprendre \u00c0 travailler sous l&rsquo;eau, transposer ses comp\u00e9tences terrestres de l&rsquo;autre c\u00f4t\u00e9 de la surface sont les axes principaux qui fondent notre p\u00e9dagogie.<\/p>\n<p>Aux cursus \u00e9tablis, nous souhaitons ajouter du r\u00e9el et nous adapter \u00e0 votre m\u00e9tier.<\/p>\n<p>La refl\u00e9xion sur la configuration est un point essentiel de la s\u00e9curit\u00e9 et du confort au travail: o\u00f9 placer et comment manipuler le mat\u00e9riel scientifique, quel scaphandre choisir en fonction de sa configuration cam\u00e9ra, comment dissimuler un \u00e9quipement sous un costume ou encore r\u00e9gler une cascade&#8230; le travail en hyperbarie est multiple et nos formations sont faites pour s&rsquo;adapter \u00e0 votre r\u00e9alit\u00e9.<\/p>\n<p>\u00c0 chaque plong\u00e9e vous serez tour \u00e0 tour conseiller.\u00e8re \u00e0 la pr\u00e9vention hyperbare, chef.fe des op\u00e9rations hyperbares, intervenant.e, ou encore plongeur.euse de s\u00e9curit\u00e9 pour des interventions fictives \u00e0 plannifier dns leur globalit\u00e9 globalit\u00e9 et en \u00e9quipe.<\/p>\n<p>[\/et_pb_accordion_item][et_pb_accordion_item title=\u00a0\u00bbPLATEAUX TECHNIQUES\u00a0\u00bb _builder_version=\u00a0\u00bb4.27.6&Prime; _module_preset=\u00a0\u00bbdefault\u00a0\u00bb global_colors_info=\u00a0\u00bb{}\u00a0\u00bb open=\u00a0\u00bboff\u00a0\u00bb]<\/p>\n<p><span style=\"font-weight: 400;\">L\u2019\u00c9cole d\u2019interventions hyperbares dispose de deux <\/span><span style=\"font-weight: 400;\">plateformes p\u00e9dagogiques qui <\/span>s s\u2019appuient sur les moyens techniques des structures <a href=\"https:\/\/krakenplongee.fr\/\" target=\"_blank\" rel=\"noopener\">KRAKEN Plong\u00e9e<\/a> \u00e0 La Ciotat et l\u2019<a href=\"https:\/\/www.plongee-calvi-corse.com\/\" target=\"_blank\" rel=\"noopener\">HIPPOCAMPE Plong\u00e9e<\/a> \u00e0 Calvi.<\/p>\n<p>&nbsp;<\/p>\n<p><span style=\"font-weight: 400;\">Les plateformes p\u00e9dagogiques comprennent les mat\u00e9riels n\u00e9cessaires \u00e0 la mise en \u0153uvre de l&rsquo;ensemble des proc\u00e9dures d&rsquo;intervention de la classe concern\u00e9e. Ces mat\u00e9riels sont conformes \u00e0 ceux d\u00e9finis par l&rsquo;arr\u00eat\u00e9 du 21 avril 2016 d\u00e9finissant les proc\u00e9dures d&rsquo;acc\u00e8s, de s\u00e9jour et de secours des activit\u00e9s hyperbares ex\u00e9cut\u00e9es avec immersion dans le cadre de la mention B.<\/span><\/p>\n<p><span style=\"font-weight: 400;\"><\/span><\/p>\n<p><span style=\"font-weight: 400;\"><\/span><\/p>\n<p><span style=\"font-weight: 400;\">Le plateau technique de La Ciotat\u00a0<\/span><\/p>\n<p>&nbsp;<\/p>\n<p><span style=\"font-weight: 400;\"><a href=\"https:\/\/krakenplongee.fr\/\" target=\"_blank\" rel=\"noopener\">Kraken Plong\u00e9e<\/a> compos\u00e9 de deux entit\u00e9s :<\/span><\/p>\n<ul>\n<li style=\"font-weight: 400;\" aria-level=\"1\"><span style=\"font-weight: 400;\">L\u2019 \u00ab atelier \u00bb qui permet d\u2019accueillir les stagiaires dans une salle de cours spacieuse \u00e9quip\u00e9e d\u2019un vid\u00e9oprojecteur, de tables, de chaises, de tableaux blancs<\/span><\/li>\n<li style=\"font-weight: 400;\" aria-level=\"1\"><span style=\"font-weight: 400;\">La \u00ab paillote \u00bb sur le nouveau port est constitu\u00e9e d\u2019un espace de stockage des affaires personnelles, un vestiaire, wc et douches, un espace de repos permettant de s\u2019y restaurer, un s\u00e9choir pour les v\u00eatements n\u00e9opr\u00e8nes<\/span><\/li>\n<li style=\"font-weight: 400;\" aria-level=\"1\"><span style=\"font-weight: 400;\">Une station de gonflage AIR\/NITOX\/TRMIX et d\u2019un lieu de stockage des blocs de plong\u00e9e<\/span><\/li>\n<\/ul>\n<p>Deux navires semi-rigides \u00e9quip\u00e9s plong\u00e9e<\/p>\n<ul>\n<li style=\"font-weight: 400;\" aria-level=\"2\"><b>\u00c9vasion<\/b><span style=\"font-weight: 400;\"> Semi-rigide de 7,5 m\u00e8tres, capacit\u00e9 18 plongeurs,<\/span><\/li>\n<li style=\"font-weight: 400;\" aria-level=\"2\"><b>Portalo<\/b><span style=\"font-weight: 400;\">, Semi-rigide de 6 m\u00e8tres, capacit\u00e9 8 plongeurs.<\/span><span style=\"font-weight: 400;\"><\/span><\/li>\n<\/ul>\n<p><span style=\"font-weight: 400;\"><\/span><\/p>\n<p><span style=\"font-weight: 400;\">Le plateau technique de Calvi\u00a0<\/span><\/p>\n<p>&nbsp;<\/p>\n<p><span style=\"font-weight: 400;\"><a href=\"https:\/\/www.plongee-calvi-corse.com\/\" target=\"_blank\" rel=\"noopener\">HIPPOCAMPE PLONGE\u0301E<\/a> sur le Port de Plaisance de Calvi<\/span><\/p>\n<p><span style=\"font-weight: 400;\"><\/span><\/p>\n<p><span style=\"font-weight: 400;\">&#8211;<\/span> <span style=\"font-weight: 400;\">espaces int\u00e9rieurs ou ext\u00e9rieurs pour les cours de secourisme ou autres ateliers<\/span><\/p>\n<p><span style=\"font-weight: 400;\">&#8211;<\/span> <span style=\"font-weight: 400;\">espace de repos permettant de s\u2019y restaurer<\/span><\/p>\n<p><span style=\"font-weight: 400;\">&#8211; <\/span><span style=\"font-weight: 400;\">s\u00e9choir pour les v\u00eatements n\u00e9opr\u00e8nes<\/span><\/p>\n<p><span style=\"font-weight: 400;\">&#8211;<\/span> <span style=\"font-weight: 400;\">sanitaires \u00e9quip\u00e9s de toilettes et douche ext\u00e9rieure<\/span><\/p>\n<p><span style=\"font-weight: 400;\">&#8211;<\/span><span style=\"font-weight: 400;\"> station de gonflage et d\u2019un lieu de stockage des blocs de plong\u00e9e<\/span><\/p>\n<p><span style=\"font-weight: 400;\">&#8211;<\/span> <span style=\"font-weight: 400;\">espaces pour entreposer le mat\u00e9riel de plong\u00e9e personnel<\/span><\/p>\n<p><span style=\"font-weight: 400;\"><\/span><\/p>\n<p>deux navires semi-rigides \u00e9quip\u00e9s pour la plong\u00e9e.<\/p>\n<ul>\n<li style=\"font-weight: 400;\" aria-level=\"2\"><b>Vailant<\/b><span style=\"font-weight: 400;\"> Semi-rigide de 7,5 m\u00e8tres, capacit\u00e9 22 plongeurs,<\/span><\/li>\n<li style=\"font-weight: 400;\" aria-level=\"2\"><b>Narwhal one<\/b><span style=\"font-weight: 400;\">, Semi-rigide de 9,5 m\u00e8tres, capacit\u00e9 30 plongeurs.<\/span><\/li>\n<\/ul>\n<p>&nbsp;<\/p>\n<p>L&rsquo;EIH NE PROPOSE PAS (ENCORE) DE FORMULE AVEC H\u00c9BERGEMENT, RETROUVEZ EN BAS DE PAGE NOS BONNE ADRESSES<\/p>\n<p>[\/et_pb_accordion_item][et_pb_accordion_item title=\u00a0\u00bb\u00c9QUIPEMENTS\u00a0\u00bb _builder_version=\u00a0\u00bb4.27.6&Prime; _module_preset=\u00a0\u00bbdefault\u00a0\u00bb global_colors_info=\u00a0\u00bb{}\u00a0\u00bb open=\u00a0\u00bboff\u00a0\u00bb]<\/p>\n<h1>NOS FORMATIONS SONT FAITES POUR EXP\u00c9RIMENTER DIFF\u00c9RENTS TYPES D&rsquo;INTERVENTIONS HYPERBARES, NOUS TENONS \u00c0 PROPOSER DU MAT\u00c9RIEL ADAPT\u00c9 AUX R\u00c9ALIT\u00c9S DU TERRAIN.<\/h1>\n<h3><\/h3>\n<h3><\/h3>\n<h3><\/h3>\n<h3><\/h3>\n<h3>PLONG\u00c9E<\/h3>\n<p>&nbsp;<\/p>\n<p>&#8211; BI-bouteilles et wing technique<\/p>\n<p>&#8211; bouteilles de d\u00e9compression et bail-out tout \u00e9quip\u00e9s<\/p>\n<p>&#8211; masques faciaux ocean reef<\/p>\n<p>&#8211; recycleur revo rebreathers<\/p>\n<p>&#8211; Ordinateurs Shearwater<\/p>\n<p>&#8211; Scooter seacraft<\/p>\n<p>&#8211; Mat\u00e9riel de secoursime<\/p>\n<h3><\/h3>\n<h3><\/h3>\n<h3><\/h3>\n<h3>science &amp; audiovisuel<\/h3>\n<p><span style=\"font-weight: 400;\"><\/span><\/p>\n<p><span style=\"font-weight: 400;\">Au-del\u00e0 des outils utilis\u00e9s en plong\u00e9e, des outils scientifiques et audiovisuels sont mis \u00e0 disposition pour permettre aux stagiaires de d\u00e9couvrir de nouvelles techniques et configurations pendant la formation.\u00a0<\/span><\/p>\n<p><span style=\"font-weight: 400;\">Nous disposons de parachutes de relevage, bennes, photo-quadra&#8230; mais aussi d&rsquo;appareils photo et d&rsquo;\u00e9clairages sous-marin.<\/span><\/p>\n<p><span style=\"font-weight: 400;\">Nous pouvons louer du mat\u00e9riel sp\u00e9cifique \u00e0 nos partenaires sur demande pour une exp\u00e9rience au plus pr\u00e8s des enjeux de votre m\u00e9tier.\u00a0<\/span><\/p>\n<p><span style=\"font-weight: 400;\"><\/span><\/p>\n<h3><\/h3>\n<h3><\/h3>\n<h3><span style=\"font-weight: 400;\">MAT\u00c9RIEL PERSONNEL<\/span><\/h3>\n<p><span style=\"font-weight: 400;\"><\/span><\/p>\n<p><span style=\"font-weight: 400;\">Les stagiaires peuvent ac\u00e9der \u00e0 la formation avec leur mat\u00e9riel personnel sous condition que celui-ci soit norm\u00e9 CE, \u00e0 jours de r\u00e9vision (certificat obligatoire) et adapt\u00e9 aux pratiques exp\u00e9riment\u00e9es en formation.\u00a0<\/span><\/p>\n<p><span style=\"font-weight: 400;\">Le mat\u00e9riel de plong\u00e9e peut \u00eatre lou\u00e9 aupr\u00e8s d&rsquo;un prestataire externe ou aupr\u00e8s des plateaux techniques (\u00e0 jour des r\u00e9visions et suivi dans un carnet d\u2019entretien des EPI).\u00a0<\/span><\/p>\n<p>[\/et_pb_accordion_item][\/et_pb_accordion][\/et_pb_column][\/et_pb_row][\/et_pb_section][et_pb_section fb_built=\u00a0\u00bb1&Prime; _builder_version=\u00a0\u00bb4.27.5&Prime; _module_preset=\u00a0\u00bbdefault\u00a0\u00bb custom_padding=\u00a0\u00bb12px|||||\u00a0\u00bb global_colors_info=\u00a0\u00bb{}\u00a0\u00bb][et_pb_row _builder_version=\u00a0\u00bb4.27.5&Prime; _module_preset=\u00a0\u00bbdefault\u00a0\u00bb global_colors_info=\u00a0\u00bb{}\u00a0\u00bb][et_pb_column type=\u00a0\u00bb4_4&Prime; _builder_version=\u00a0\u00bb4.27.5&Prime; _module_preset=\u00a0\u00bbdefault\u00a0\u00bb global_colors_info=\u00a0\u00bb{}\u00a0\u00bb][et_pb_image src=\u00a0\u00bbhttp:\/\/www.ecoleinterventionshyperbares.com\/wp-content\/uploads\/2026\/02\/EIH-1-3.jpg\u00a0\u00bb alt=\u00a0\u00bbMich\u00e8le Leduc\u00a0\u00bb title_text=\u00a0\u00bbEIH-1-Mich\u00e8le Leduc\u00a0\u00bb align=\u00a0\u00bbcenter\u00a0\u00bb _builder_version=\u00a0\u00bb4.27.5&Prime; _module_preset=\u00a0\u00bbdefault\u00a0\u00bb background_color=\u00a0\u00bbRGBA(255,255,255,0)\u00a0\u00bb width=\u00a0\u00bb25%\u00a0\u00bb global_colors_info=\u00a0\u00bb{}\u00a0\u00bb][\/et_pb_image][et_pb_text _builder_version=\u00a0\u00bb4.27.5&Prime; _module_preset=\u00a0\u00bbdefault\u00a0\u00bb text_font=\u00a0\u00bbArial|300||on|||||\u00a0\u00bb text_text_color=\u00a0\u00bb#000000&Prime; header_4_font=\u00a0\u00bbArial|600|||||||\u00a0\u00bb header_4_line_height=\u00a0\u00bb1.9em\u00a0\u00bb text_orientation=\u00a0\u00bbcenter\u00a0\u00bb custom_padding=\u00a0\u00bb40px||160px|||\u00a0\u00bb global_colors_info=\u00a0\u00bb{}\u00a0\u00bb]<\/p>\n<h4>MICH\u00c8LE LEDUC<\/h4>\n<p>PR\u00c9SIDENTE DE L&rsquo;\u00c9COLE D&rsquo;INTERVENTIONS HYPERBARES<\/p>\n<p>CAH 3B &amp; FORMATRICE CAH<\/p>\n<p>BREVET D&rsquo;\u00c9TAT DE PLONG\u00c9E SOUS-MARINE E4<\/p>\n<p>PTH120 REVO REBREATHERS<\/p>\n<p>PHD Physiologie et Physiopathologie<\/p>\n<p>RESPONSABLE SCIENTIFIQUE<\/p>\n<p>CAPITAINE 200<br \/>\n[\/et_pb_text][\/et_pb_column][\/et_pb_row][et_pb_row _builder_version=\u00a0\u00bb4.27.5&Prime; _module_preset=\u00a0\u00bbdefault\u00a0\u00bb global_colors_info=\u00a0\u00bb{}\u00a0\u00bb][et_pb_column type=\u00a0\u00bb4_4&Prime; _builder_version=\u00a0\u00bb4.27.5&Prime; _module_preset=\u00a0\u00bbdefault\u00a0\u00bb global_colors_info=\u00a0\u00bb{}\u00a0\u00bb][et_pb_image src=\u00a0\u00bbhttp:\/\/www.ecoleinterventionshyperbares.com\/wp-content\/uploads\/2026\/02\/EIH-1-Justine-Rauby.jpg\u00a0\u00bb alt=\u00a0\u00bbJustine Rauby\u00a0\u00bb title_text=\u00a0\u00bbEIH-1-Justine Rauby\u00a0\u00bb align=\u00a0\u00bbcenter\u00a0\u00bb _builder_version=\u00a0\u00bb4.27.5&Prime; _module_preset=\u00a0\u00bbdefault\u00a0\u00bb width=\u00a0\u00bb30%\u00a0\u00bb module_alignment=\u00a0\u00bbcenter\u00a0\u00bb global_colors_info=\u00a0\u00bb{}\u00a0\u00bb][\/et_pb_image][et_pb_text _builder_version=\u00a0\u00bb4.27.5&Prime; _module_preset=\u00a0\u00bbdefault\u00a0\u00bb text_font=\u00a0\u00bb|||on|||||\u00a0\u00bb text_text_color=\u00a0\u00bb#000000&Prime; header_4_font=\u00a0\u00bb|600|||||||\u00a0\u00bb header_4_line_height=\u00a0\u00bb1.9em\u00a0\u00bb text_orientation=\u00a0\u00bbcenter\u00a0\u00bb custom_padding=\u00a0\u00bb40px||158px|||\u00a0\u00bb global_colors_info=\u00a0\u00bb{}\u00a0\u00bb]<\/p>\n<h4>JUSTINE RAUBY<\/h4>\n<p>DIRECTRICE G\u00c9N\u00c9RAL DE L&rsquo;\u00c9COLE D&rsquo;INTERVENTIONS HYPERBARES<\/p>\n<p>CAH 3B &amp; FORMATRICE CAH<\/p>\n<p>DEJEPS E4<\/p>\n<p>PTH120 REVO REBREATHERS<\/p>\n<p>R\u00c9ALISATRICE<\/p>\n<p>CPH \/ COH TOURNAGES SOUS-MARINS<\/p>\n<p>R\u00c9GLEUSE, PR\u00c9PARATRICE TALENTS ET CASCADEUSE UW<\/p>\n<p>ASSISTANTE CHEF OP\u00c9RATEUR PRISE DE VUE UW<\/p>\n<p>TECHNICIENNE EN ENVIRONNEMENT<\/p>\n<p>LOGISTICIENNE EXP\u00c9DITIONS ET TOURNAGES<\/p>\n<p>&nbsp;<br \/>\n[\/et_pb_text][\/et_pb_column][\/et_pb_row][et_pb_row _builder_version=\u00a0\u00bb4.27.5&Prime; _module_preset=\u00a0\u00bbdefault\u00a0\u00bb global_colors_info=\u00a0\u00bb{}\u00a0\u00bb][et_pb_column type=\u00a0\u00bb4_4&Prime; _builder_version=\u00a0\u00bb4.27.5&Prime; _module_preset=\u00a0\u00bbdefault\u00a0\u00bb global_colors_info=\u00a0\u00bb{}\u00a0\u00bb][et_pb_image src=\u00a0\u00bbhttp:\/\/www.ecoleinterventionshyperbares.com\/wp-content\/uploads\/2026\/02\/EIH-1-4.jpg\u00a0\u00bb alt=\u00a0\u00bbThibault Rauby\u00a0\u00bb title_text=\u00a0\u00bbEIH-Thibault Rauby\u00a0\u00bb align=\u00a0\u00bbcenter\u00a0\u00bb _builder_version=\u00a0\u00bb4.27.5&Prime; _module_preset=\u00a0\u00bbdefault\u00a0\u00bb width=\u00a0\u00bb32%\u00a0\u00bb module_alignment=\u00a0\u00bbcenter\u00a0\u00bb global_colors_info=\u00a0\u00bb{}\u00a0\u00bb][\/et_pb_image][et_pb_text _builder_version=\u00a0\u00bb4.27.5&Prime; _module_preset=\u00a0\u00bbdefault\u00a0\u00bb text_font=\u00a0\u00bb|||on|||||\u00a0\u00bb text_text_color=\u00a0\u00bb#000000&Prime; header_4_font=\u00a0\u00bb|600|||||||\u00a0\u00bb header_4_line_height=\u00a0\u00bb1.9em\u00a0\u00bb text_orientation=\u00a0\u00bbcenter\u00a0\u00bb custom_padding=\u00a0\u00bb40px||138px|||\u00a0\u00bb global_colors_info=\u00a0\u00bb{}\u00a0\u00bb]<\/p>\n<h4>THIBAULT RAUBY<\/h4>\n<p>DIRECTEUR G\u00c9N\u00c9RAL DE L&rsquo;\u00c9COLE D&rsquo;INTERVENTIONS HYPERBARES<\/p>\n<p>CAH 3B &#8211; FORMATEUR CAH &amp; CPH CAH 3B<\/p>\n<p>DEJEPS E4<\/p>\n<p>INSTRUCTEUR PTH120 REVO REBREATHERS<\/p>\n<p>BIOLOGISTE MARIN MASTER 2 ENVIRONNEMENT ET GESTION DE LA BIODIVERSIT\u00c9<\/p>\n<p>PLONGEUR SCIENTIFIQUE<\/p>\n<p>R\u00c9GLEUR, PR\u00c9PARATEUR TALENTS ET CASCADEUR UW<\/p>\n<p>ASSISTANT CHEF OP\u00c9RATEUR PRISE DE VUE UW<\/p>\n<p>LOGISTICIEN EXP\u00c9DITIONS ET TOURNAGES<\/p>\n<p>&nbsp;<br \/>\n[\/et_pb_text][\/et_pb_column][\/et_pb_row][\/et_pb_section][et_pb_section fb_built=\u00a0\u00bb1&Prime; _builder_version=\u00a0\u00bb4.27.5&Prime; _module_preset=\u00a0\u00bbdefault\u00a0\u00bb width=\u00a0\u00bb100%\u00a0\u00bb max_width=\u00a0\u00bb100%\u00a0\u00bb custom_margin=\u00a0\u00bb22px|||||\u00a0\u00bb custom_padding=\u00a0\u00bb20px||129px|||\u00a0\u00bb global_colors_info=\u00a0\u00bb{}\u00a0\u00bb][et_pb_row _builder_version=\u00a0\u00bb4.27.6&Prime; _module_preset=\u00a0\u00bbdefault\u00a0\u00bb width=\u00a0\u00bb99%\u00a0\u00bb global_colors_info=\u00a0\u00bb{}\u00a0\u00bb][et_pb_column type=\u00a0\u00bb4_4&Prime; _builder_version=\u00a0\u00bb4.27.5&Prime; _module_preset=\u00a0\u00bbdefault\u00a0\u00bb global_colors_info=\u00a0\u00bb{}\u00a0\u00bb][et_pb_text _builder_version=\u00a0\u00bb4.27.6&Prime; _module_preset=\u00a0\u00bbdefault\u00a0\u00bb text_font=\u00a0\u00bbFira Code||||||||\u00a0\u00bb text_font_size=\u00a0\u00bb15px\u00a0\u00bb header_font_size=\u00a0\u00bb23px\u00a0\u00bb header_2_font=\u00a0\u00bbArial|600||on|||||\u00a0\u00bb header_2_text_align=\u00a0\u00bbleft\u00a0\u00bb header_2_font_size=\u00a0\u00bb21px\u00a0\u00bb header_2_line_height=\u00a0\u00bb1.3em\u00a0\u00bb custom_padding=\u00a0\u00bb||75px|||\u00a0\u00bb global_colors_info=\u00a0\u00bb{}\u00a0\u00bb]<\/p>\n<h2>HERBERGEMENT &amp; RESTAURATION<\/h2>\n<p>NOUS VOUS PROPOSONS NOS BONNES ADRESSES POUR ORGANISER VOTRE VENUE EN FORMATION<\/p>\n<p>[\/et_pb_text][et_pb_toggle title=\u00a0\u00bbLA CIOTAT | FEUILLE DE ROUTE\u00a0\u00bb open_toggle_text_color=\u00a0\u00bb#000000&Prime; open_toggle_background_color=\u00a0\u00bb#FFFFFF\u00a0\u00bb closed_toggle_text_color=\u00a0\u00bb#000000&Prime; closed_toggle_background_color=\u00a0\u00bb#FFFFFF\u00a0\u00bb toggle_icon=\u00a0\u00bb&#x22;||divi||400&Prime; use_icon_font_size=\u00a0\u00bbon\u00a0\u00bb open_icon_color=\u00a0\u00bb#41c21d\u00a0\u00bb open_toggle_icon=\u00a0\u00bb&#x21;||divi||400&Prime; open_use_icon_font_size=\u00a0\u00bbon\u00a0\u00bb _builder_version=\u00a0\u00bb4.27.6&Prime; _module_preset=\u00a0\u00bbdefault\u00a0\u00bb title_text_color=\u00a0\u00bb#000000&Prime; title_level=\u00a0\u00bbh2&Prime; title_font=\u00a0\u00bbFira Code|||on|||||\u00a0\u00bb title_font_size=\u00a0\u00bb15px\u00a0\u00bb title_line_height=\u00a0\u00bb1.4em\u00a0\u00bb closed_title_font=\u00a0\u00bbFira Code|||on|||||\u00a0\u00bb closed_title_font_size=\u00a0\u00bb15px\u00a0\u00bb body_font=\u00a0\u00bbArial||||||||\u00a0\u00bb body_text_color=\u00a0\u00bb#000000&Prime; custom_margin=\u00a0\u00bb||7px|||\u00a0\u00bb border_color_all=\u00a0\u00bb#41c21d\u00a0\u00bb global_colors_info=\u00a0\u00bb{}\u00a0\u00bb]<\/p>\n<h2 class=\"p1\"><\/h2>\n<h2 class=\"p1\">ACC\u00c8S<\/h2>\n<p>&nbsp;<\/p>\n<p class=\"p2\">A\u00c9ROPORTS: Marseille-Provence ou a\u00e9roport d\u2019Hy\u00e8res<\/p>\n<p class=\"p2\">GARES: gares TGV Marseille ou Toulon, gare TER de La Ciotat + bus pour acc\u00e9der au centre ville<\/p>\n<p class=\"p2\">BUS: gares routi\u00e8res de La Ciotat\/Marseille\/Toulon r\u00e9seau ZOU! https:\/\/zou.maregionsud.fr\/<\/p>\n<p class=\"p2\">AUTOROUTE: A50 sortie 9 gare de p\u00e9age de La Ciotat<\/p>\n<p class=\"p2\">CO-VOITURAGE: pas d\u2019aire de co-voiturage d\u00e9di\u00e9e mais facilit\u00e9s pour pick-up \u00e0 la gare de p\u00e9age de La Ciotat<\/p>\n<p class=\"p2\">STATIONNEMENT: parking du nouveau port de plaisance de La Ciotat &#8211; gratuit d\u2019octobre \u00e0 avril<\/p>\n<p class=\"p2\">EIH \\ KRAKEN PLONG\u00c9E L\u2019ATELIER &#8211; 40 Rue Antoine Piroddi, 13600 La Ciotat<\/p>\n<p class=\"p2\">EIH \\ KRAKEN PLONG\u00c9E LA PAILLOTE &#8211; Nouveau Port de Plaisance, Base nautique, Avenue Wilson, 13600 La Ciotat<\/p>\n<p class=\"p2\">+\/- 09H00 &#8211; 18H00 (presque) tous les jours, toute l\u2019ann\u00e9e<\/p>\n<p class=\"p2\">+33 (0)6 82 50 46 82<\/p>\n<p class=\"p2\"><a href=\"mailto:contact@krakenplongee.fr\">contact@krakenplongee.fr<\/a><\/p>\n<p class=\"p2\"><a href=\"https:\/\/krakenplongee.fr\/\">https:\/\/krakenplongee.fr\/<\/a><\/p>\n<p class=\"p2\">@krakenplongee<\/p>\n<h2 class=\"p1\"><\/h2>\n<h2 class=\"p1\"><\/h2>\n<h2 class=\"p1\"><\/h2>\n<h2 class=\"p1\"><\/h2>\n<h2 class=\"p1\">BONNES ADRESSES<\/h2>\n<h2 class=\"p3\"><\/h2>\n<h3 class=\"p3\">RESTAURATION<\/h3>\n<p class=\"p3\"><span class=\"s1\"><\/span><\/p>\n<p class=\"p3\"><span class=\"s1\">\u2764<\/span> Le coin de la rue | 16 rue des Poilus, 13600 La Ciotat | LA cantine officielle de L&rsquo;EIH et Kraken Plong\u00e9e (si vous nous cherchez entre midi et deux c\u2019est l\u00e0 que vous aurez le plus de chances de nous trouver!) Fabienne et Loick vous accueillent dans leur snack du coin de la rue: soupes, wrap, panisses, accras, plat du jour, k\u00e9fir et g\u00e2teaux dont le c\u00e9l\u00e8bre fondant au chocolat ultra calorique et ultra d\u00e9licieux apr\u00e8s une longue plong\u00e9e bien froide\u2026 tout est bon, tout est maison et \u00e0 prix tout doux | @lecoindelaruebychefck13600<\/p>\n<p class=\"p3\"><span class=\"s1\">\u2764<\/span> Et bon vent | Micro carte et produits ultra frais, s\u00e9lection de vins exigeante et d\u00e9coration bistrot hyper charmante, La petite \u00ab cave \u00e0 manger \u00bb de Carolina et Federico et l\u2019adresse parfaite pour le diner! R\u00e9servation conseill\u00e9e | 12 rue du Mar\u00e9chal Foch | +33766536909 <a href=\"https:\/\/www.instagram.com\/etbonvent\/\">https:\/\/www.instagram.com\/etbonvent\/<\/a><\/p>\n<p class=\"p3\">Le caf\u00e9 de l\u2019horloge | 7 rue Albert &amp; Georges Arnoux 13600 La Ciotat | pour un bagel sur le pouce ou une soupe et surtout boire une boisson chaude et d\u00e9guster une part de cake! | <a href=\"https:\/\/www.lecafedelhorloge.fr\/\">https:\/\/www.lecafedelhorloge.fr\/<\/a><\/p>\n<p class=\"p3\">Molto Mucho | 11 Pl. Sadi Carnot Bis, 13600 La Ciotat | street food italiano-proven\u00e7ale \u00e0 base de produits locaux etpaysans, carte et commandes en ligne | <a href=\"https:\/\/www.instagram.com\/molto.mucho\/\">https:\/\/www.instagram.com\/molto.mucho\/<\/a><\/p>\n<p class=\"p3\">Michel | 2 rue du Mar\u00e9chal Joffre &#8211; 13600 &#8211; La Ciotat | Foccacia et pompes \u00e0 l\u2019huile garnies de produits maisons, c\u2019est gras, c\u2019est bon, c\u2019est r\u00e9confortant apr\u00e8s la plong\u00e9e! Le petit + brocante sur place | <a href=\"https:\/\/www.michelcantine.com\/\">https:\/\/www.michelcantine.com\/<\/a><\/p>\n<p class=\"p3\"><span class=\"s1\">\u2764<\/span> Boulangerie FOODETOI | 27 Quai Fran\u00e7ois Mitterrand, 13600 La Ciotat | pain bio au levain, sandwichs, salades, bagel, babka\u2026 un d\u00e9lice street food aux influences levantines | @foodetoiboulangerie<\/p>\n<p class=\"p3\">Chymos | 2 rue des poilus 13600 La Ciotat | Salades, petits plats \u00e0 emporter pr\u00e9par\u00e9s maison, \u00e9picerie de vrac, pain\u2026 vous trouverez tout pour vous d\u00e9panner dans cette \u00e9picerie de proximit\u00e9 | <a href=\"https:\/\/www.chymos-a-lessentiel.fr\/\">https:\/\/www.chymos-a-lessentiel.fr\/<\/a><\/p>\n<h2 class=\"p3\"><\/h2>\n<h2 class=\"p3\"><\/h2>\n<h3 class=\"p3\">H\u00c9BERGEMENTS<\/h3>\n<p class=\"p3\"><strong><\/strong><\/p>\n<p class=\"p3\"><strong>\u00c0 la bonne franquette<\/strong><\/p>\n<p class=\"p3\">KRAKEN PLONG\u00c9E L\u2019APPARTEMENT | 45 avenue du Mugel 13600 La Ciotat | Le studio est situ\u00e9 en rez de la villa des parents de Thibault \u00e0 deux pas de la calanque du Mugel et 10\u2019 \u00e0 pied du vieux port. Logement avec parking et acc\u00e8s au jardin, 2 chambres doubles + canap\u00e9 convertible (de 1 \u00e0 6 personnes) \u00e0 partir de 35\u20ac\/nuit\/personne selon la saison. La r\u00e9servation se fait directement par email avec Mireille et Thierry Rauby, nous ne nous occupons pas des r\u00e9servations!<\/p>\n<p class=\"p3\"><a href=\"mailto:mtrauby@gmail.com\">mtrauby@gmail.com<\/a><\/p>\n<p class=\"p3\"><span class=\"s1\">\u2764<\/span> H\u00f4tel La Croix de Malte | 54 Bd Jean Jaur\u00e8s, 13600 La Ciotat | \u00ab L\u2019h\u00f4tel des plongeurs \u00bb situ\u00e9 \u00e0 5\u2019 \u00e0 pied de la Paillote Kraken Plong\u00e9e, L\u2019h\u00f4tel de La Croix de Malte accueille des plongeurs depuis plus de 20 ans. L\u2019h\u00f4tel est simple et l\u2019\u00e9quipe est habitu\u00e9e \u00e0 recevoir des grands groupes. Ils proposent des chambres \u00e0 prix mod\u00e9r\u00e9, ils acceptent de stocker du mat\u00e9riel, d\u2019\u00e9tendre les combinaisons et organisent des pick-up en minibus depuis la gare.<\/p>\n<p class=\"p3\">04 42 08 63 38 (Demandez Lydia de la part de Kraken Plong\u00e9e)<\/p>\n<p class=\"p3\"><a href=\"https:\/\/www.croix-de-malte.com\/\">https:\/\/www.croix-de-malte.com\/<\/a><\/p>\n<p class=\"p3\"><a href=\"mailto:croix.de.malte@orange.fr\">croix.de.malte@orange.fr<\/a><\/p>\n<p class=\"p3\">Eco-lodge des Calanques | Ce logement est g\u00e9r\u00e9 par notre voisin Exp\u00e9 Nature (randonn\u00e9es kayak, paddle\u2026) qui propose d\u00e9sormais de loger des groupes jusqu\u2019\u00e0 14 personnes dans un d\u00e9cor de r\u00eave avec piscine et \u00e0 quelques pas du centre-ville! | <a href=\"https:\/\/expenature.fr\/logement-sejour-sportif-14-personnes-la-ciotat-calanques-national-park\/\">https:\/\/expenature.fr\/logement-sejour-sportif-14-personnes-la-ciotat-calanques-national-park\/<\/a><\/p>\n<p class=\"p3\"><strong>Efficace<\/strong><\/p>\n<p class=\"p3\">Appartements Accostage | Appartements dans le centre ancien de La Ciotat | Les propri\u00e9taire tiennent aussi la \u00ab Cafet \u00bb plat unique et cuisine maison, 26 rue Canolle, \u00e0 deux pas de l\u2019atelier de Kraken Plong\u00e9e | <a href=\"https:\/\/accostage.fr\/\">https:\/\/accostage.fr\/<\/a><\/p>\n<p class=\"p3\">Appart\u2019City La Ciotat | Zac de la Source, 57 Pass. Jean d&rsquo;Huard, 13600 La Ciotat | Appartements modernes et s\u00e9curis\u00e9s dans le centre de La Ciotat avec parking.<\/p>\n<p class=\"p3\">Best Western Premier | 252 Quai Fran\u00e7ois Mitterrand, 13600 La Ciotat | cha\u00eene d\u2019h\u00f4tel haut de gamme avec vue sur le vieux port.<\/p>\n<p class=\"p3\"><a href=\"mailto:contact@bestwestern-laciotat.com\">contact@bestwestern-laciotat.com<\/a><\/p>\n<p class=\"p3\"><a href=\"https:\/\/www.bestwestern-laciotat.com\/\">https:\/\/www.bestwestern-laciotat.com\/<\/a><\/p>\n<p class=\"p3\"><strong>Charmant<\/strong><\/p>\n<p class=\"p3\">Chez Aude | studio situ\u00e9 rue Piroddi \u00e0 c\u00f4t\u00e9 de notre atelier. Refait \u00e0 neuf en 2025 par nos plongeurs-artisans L\u00e9o et<\/p>\n<p class=\"p3\">Th\u00e9o, la petite suite est parfaitement \u00e9quip\u00e9e pour une \u00e0 deux personnes. Le + une place de parking au vieux port<\/p>\n<p class=\"p3\">comprise avec la location | <a href=\"https:\/\/www.airbnb.com\/l\/n5jetfU1\">https:\/\/www.airbnb.com\/l\/n5jetfU1<\/a><\/p>\n<p class=\"p3\"><span class=\"s1\">\u2764<\/span> La Maison de Famille | Dominique la maman et Camille la fille proposent 7 appartements de toutes les tailles<\/p>\n<p class=\"p3\">id\u00e9alement situ\u00e9s dans la vieille ville de La Ciotat, et proche de Kraken Plong\u00e9e. Appartements typiquement<\/p>\n<p class=\"p3\">proven\u00e7aux et d\u00e9co de charme, possibilit\u00e9 de petit d\u00e9jeuner au caf\u00e9 de l\u2019horloge (qui appartient aussi \u00e0 Camille) et plongeurs friendly.<\/p>\n<p class=\"p3\">R\u00e9servation sur le site de la maison de famille, booking.com et Airbnb<\/p>\n<p class=\"p3\"><a href=\"https:\/\/www.la-maison-de-famille.fr\/\">https:\/\/www.la-maison-de-famille.fr\/<\/a><\/p>\n<p class=\"p3\">@la_maison_de_famille<\/p>\n<p class=\"p3\">Maison Acacia | 24 Rue Gueymard 13600 La Ciotat | Maison traditionnelle du 18\u00e8me situ\u00e9e au coeur de la vielle ville<\/p>\n<p class=\"p3\">et restaur\u00e9e avec soin. RDV au caf\u00e9 Acacia \u00e0 quelques pas, tr\u00e8s sympa pour boire une boisson chaude ou travailler.<\/p>\n<p class=\"p3\"><a href=\"mailto:contact@maison-acacia.com\">contact@maison-acacia.com<\/a><\/p>\n<p class=\"p3\"><a href=\"https:\/\/www.maison-acacia.com\/\">https:\/\/www.maison-acacia.com\/<\/a><\/p>\n<p class=\"p3\">@maison_acacia_laciotat<\/p>\n<h2 class=\"p3\"><\/h2>\n<h2 class=\"p3\"><\/h2>\n<h3 class=\"p3\">MAGASINS DE PLONG\u00c9E<\/h3>\n<p class=\"p3\">TEKDIVE | 60 Traverse de la Condamine ZA Napollon 13400 Aubagne | Magasin sp\u00e9cialis\u00e9 en \u00e9quipement de plong\u00e9e technique \\ Distributeur SANTI \\ Station de gonflage AIR &#8211; NITROX &#8211; TRIMIX | 06 16 10 11 81 | https:\/\/<a href=\"http:\/\/www.tekdive-shop.com\/accueil\">www.tekdive-shop.com\/accueil<\/a><\/p>\n<p class=\"p3\">SPORTMED | Centre Commercial les 4 Chemins, 83130 La Garde | beaucoup de choix en magasin et \u00e0 la demande dans ce magasin de plong\u00e9e historique | 04 94 75 20 14 | <a href=\"https:\/\/www.sportsmed.fr\/\">https:\/\/www.sportsmed.fr\/<\/a><\/p>\n<p class=\"p3\">BUBBLE DIVING | 374 Chem. de Bassaquet, 83140 Six-Fours-les-Plages | 09 53 78 62 54\u00a0| <a href=\"https:\/\/www.bubble-diving.com\/plonge\/\">https:\/\/www.bubble-diving.com\/plonge\/<\/a><\/p>\n<p class=\"p3\">CABESTO | Zone commerciale d&rsquo;Auchan ZAC Le, 2 Av. du Pastre, 13400 Aubagne | corner le vieux plongeur dans ce Cabesto qui offre une bonne solution de d\u00e9pannage| <a href=\"https:\/\/www.cabesto.com\/fr\/stores\/#aubagne\">https:\/\/www.cabesto.com\/fr\/stores\/#aubagne<\/a><\/p>\n<p class=\"p3\">DECATHLON | Zi Les Paluds, 13400 Aubagne | l\u2019adresse la plus proche est celle d\u2019Aubagne mais si vous passez par Toulon un d\u00e9cathlon est situ\u00e9 dans la zone commerciale de La Garde ainsi qu\u2019\u00e0 Ollioules. <a href=\"https:\/\/www.decathlon.fr\/store-view\/magasin-de-sports-aubagne-0070001000010\">https:\/\/www.decathlon.fr\/store-view\/magasin-de-sports-aubagne-0070001000010\u00a0<\/a><\/p>\n<p>[\/et_pb_toggle][et_pb_toggle title=\u00a0\u00bbcalvi | FEUILLE DE ROUTE\u00a0\u00bb open_toggle_text_color=\u00a0\u00bb#000000&Prime; open_toggle_background_color=\u00a0\u00bb#FFFFFF\u00a0\u00bb closed_toggle_text_color=\u00a0\u00bb#000000&Prime; closed_toggle_background_color=\u00a0\u00bb#FFFFFF\u00a0\u00bb toggle_icon=\u00a0\u00bb&#x22;||divi||400&Prime; use_icon_font_size=\u00a0\u00bbon\u00a0\u00bb open_icon_color=\u00a0\u00bb#41c21d\u00a0\u00bb open_toggle_icon=\u00a0\u00bb&#x21;||divi||400&Prime; open_use_icon_font_size=\u00a0\u00bbon\u00a0\u00bb _builder_version=\u00a0\u00bb4.27.6&Prime; _module_preset=\u00a0\u00bbdefault\u00a0\u00bb title_text_color=\u00a0\u00bb#000000&Prime; title_level=\u00a0\u00bbh2&Prime; title_font=\u00a0\u00bbFira Code|||on|||||\u00a0\u00bb title_font_size=\u00a0\u00bb15px\u00a0\u00bb title_line_height=\u00a0\u00bb1.4em\u00a0\u00bb closed_title_font=\u00a0\u00bbFira Code|||on|||||\u00a0\u00bb closed_title_font_size=\u00a0\u00bb15px\u00a0\u00bb body_font=\u00a0\u00bbArial||||||||\u00a0\u00bb body_text_color=\u00a0\u00bb#000000&Prime; custom_margin=\u00a0\u00bb10px||7px|||\u00a0\u00bb border_color_all=\u00a0\u00bb#41c21d\u00a0\u00bb global_colors_info=\u00a0\u00bb{}\u00a0\u00bb]<\/p>\n<h2 class=\"p1\"><\/h2>\n<h2 class=\"p1\">ACC\u00c8S<\/h2>\n<p>&nbsp;<\/p>\n<p class=\"p2\">A\u00c9ROPORTS: A\u00e9roport de Calvi (10 minutes) ou A\u00e9roport de Bastia (1H30)<\/p>\n<p class=\"p2\">GARES: gare de Calvi<\/p>\n<p class=\"p2\">GARES MARITIMES: \u00cele-Rousse (30 minutes), Bastia (1H30)<\/p>\n<p class=\"p2\">STATIONNEMENT: parking du port de commerce \/ payant du 1er avril au 31 octobre tous les jours de 9H00 \u00e0 21H00<\/p>\n<p class=\"p2\">EIH \\ HYPOCCAMPE PLONG\u00c9E: Port de plaisance 20260 Calvi, Corse<\/p>\n<p class=\"p2\">+33 (0)6 11 56 70 48<\/p>\n<p class=\"p2\"><a href=\"mailto:hippocampe.calvi@gmail.com\">hippocampe.calvi@gmail.com<\/a><\/p>\n<p>[\/et_pb_toggle][\/et_pb_column][\/et_pb_row][\/et_pb_section]<\/p>\n","protected":false},"excerpt":{"rendered":"<p>NOTRE VOLONT\u00c9 EST DE CR\u00c9ER UNE \u00c9COLE PENS\u00c9E POUR S&rsquo;ADAPTER \u00c0 VOS BESOINS DE PROFESSIONNELS.ELLES CAH MENTION B. L&rsquo;EIH PROPOSE DES MISES EN SITUATION VARI\u00c9ES AFIN DE R\u00c9PONDRE AUX MIEUX AUX PRATIQUES R\u00c9ELLES DES TRAVAILLEURS ET TRAVAILLEUSES HYPERBARES DANS LEUR QUOTIDIEN.L&rsquo;\u00e9cole d&rsquo;interventions hyperbares est n\u00e9e de notre volont\u00e9 de transmettre nos exp\u00e9riences et savoir-faire dans [&hellip;]<\/p>\n","protected":false},"author":1,"featured_media":0,"parent":0,"menu_order":0,"comment_status":"closed","ping_status":"closed","template":"","meta":{"_et_pb_use_builder":"on","_et_pb_old_content":"","_et_gb_content_width":"","footnotes":""},"class_list":["post-525","page","type-page","status-publish","hentry"],"_links":{"self":[{"href":"https:\/\/www.ecoleinterventionshyperbares.com\/index.php\/wp-json\/wp\/v2\/pages\/525","targetHints":{"allow":["GET"]}}],"collection":[{"href":"https:\/\/www.ecoleinterventionshyperbares.com\/index.php\/wp-json\/wp\/v2\/pages"}],"about":[{"href":"https:\/\/www.ecoleinterventionshyperbares.com\/index.php\/wp-json\/wp\/v2\/types\/page"}],"author":[{"embeddable":true,"href":"https:\/\/www.ecoleinterventionshyperbares.com\/index.php\/wp-json\/wp\/v2\/users\/1"}],"replies":[{"embeddable":true,"href":"https:\/\/www.ecoleinterventionshyperbares.com\/index.php\/wp-json\/wp\/v2\/comments?post=525"}],"version-history":[{"count":52,"href":"https:\/\/www.ecoleinterventionshyperbares.com\/index.php\/wp-json\/wp\/v2\/pages\/525\/revisions"}],"predecessor-version":[{"id":1317,"href":"https:\/\/www.ecoleinterventionshyperbares.com\/index.php\/wp-json\/wp\/v2\/pages\/525\/revisions\/1317"}],"wp:attachment":[{"href":"https:\/\/www.ecoleinterventionshyperbares.com\/index.php\/wp-json\/wp\/v2\/media?parent=525"}],"curies":[{"name":"wp","href":"https:\/\/api.w.org\/{rel}","templated":true}]}}